{"id":1097,"date":"2023-03-21T14:52:35","date_gmt":"2023-03-21T13:52:35","guid":{"rendered":"https:\/\/www.bauten.berlin\/de\/?page_id=1097"},"modified":"2024-06-09T18:12:57","modified_gmt":"2024-06-09T16:12:57","slug":"solidos-elemente","status":"publish","type":"page","link":"https:\/\/www.bauten.berlin\/de\/solidos\/solidos-elemente\/","title":{"rendered":"SOLIDOS-Elemente"},"content":{"rendered":"\t\t<div data-elementor-type=\"wp-page\" data-elementor-id=\"1097\" class=\"elementor elementor-1097\" data-elementor-post-type=\"page\">\n\t\t\t\t\t\t<section class=\"elementor-section elementor-top-section elementor-element elementor-element-6a07b01d elementor-section-full_width elementor-section-height-min-height elementor-section-items-top elementor-section-content-top elementor-section-height-default\" data-id=\"6a07b01d\" data-element_type=\"section\" data-e-type=\"section\" data-settings=\"{&quot;background_background&quot;:&quot;classic&quot;,&quot;sticky&quot;:&quot;top&quot;,&quot;sticky_on&quot;:[&quot;desktop&quot;,&quot;tablet&quot;,&quot;mobile&quot;],&quot;sticky_offset&quot;:0,&quot;sticky_effects_offset&quot;:0,&quot;sticky_anchor_link_offset&quot;:0}\">\n\t\t\t\t\t\t<div class=\"elementor-container elementor-column-gap-no\">\n\t\t\t\t\t<div class=\"elementor-column elementor-col-100 elementor-top-column elementor-element elementor-element-778bd183\" data-id=\"778bd183\" data-element_type=\"column\" data-e-type=\"column\">\n\t\t\t<div class=\"elementor-widget-wrap elementor-element-populated\">\n\t\t\t\t\t\t<section class=\"elementor-section elementor-inner-section elementor-element elementor-element-2e26df4d elementor-section-full_width elementor-section-height-min-height elementor-section-content-bottom elementor-section-height-default\" data-id=\"2e26df4d\" data-element_type=\"section\" data-e-type=\"section\" data-settings=\"{&quot;background_background&quot;:&quot;classic&quot;}\">\n\t\t\t\t\t\t\t<div class=\"elementor-background-overlay\"><\/div>\n\t\t\t\t\t\t\t<div class=\"elementor-container elementor-column-gap-no\">\n\t\t\t\t\t<div class=\"elementor-column elementor-col-33 elementor-inner-column elementor-element elementor-element-44885de8\" data-id=\"44885de8\" data-element_type=\"column\" data-e-type=\"column\">\n\t\t\t<div class=\"elementor-widget-wrap elementor-element-populated\">\n\t\t\t\t\t\t<div class=\"elementor-element elementor-element-6c4404be animated-slow elementor-invisible elementor-widget elementor-widget-heading\" data-id=\"6c4404be\" data-element_type=\"widget\" data-e-type=\"widget\" data-settings=\"{&quot;_animation&quot;:&quot;bounceInLeft&quot;,&quot;_animation_delay&quot;:800}\" data-widget_type=\"heading.default\">\n\t\t\t\t<div class=\"elementor-widget-container\">\n\t\t\t\t\t<h1 class=\"elementor-heading-title elementor-size-default\">SOLIDOS<\/h1>\t\t\t\t<\/div>\n\t\t\t\t<\/div>\n\t\t\t\t\t<\/div>\n\t\t<\/div>\n\t\t\t\t<div class=\"elementor-column elementor-col-33 elementor-inner-column elementor-element elementor-element-63361c23 elementor-hidden-mobile\" data-id=\"63361c23\" data-element_type=\"column\" data-e-type=\"column\">\n\t\t\t<div class=\"elementor-widget-wrap elementor-element-populated\">\n\t\t\t\t\t\t<div class=\"elementor-element elementor-element-117ba21c animated-slow elementor-invisible elementor-widget elementor-widget-heading\" data-id=\"117ba21c\" data-element_type=\"widget\" data-e-type=\"widget\" data-settings=\"{&quot;_animation&quot;:&quot;bounceInRight&quot;,&quot;_animation_delay&quot;:800}\" data-widget_type=\"heading.default\">\n\t\t\t\t<div class=\"elementor-widget-container\">\n\t\t\t\t\t<h2 class=\"elementor-heading-title elementor-size-xxl\">Elemente<\/h2>\t\t\t\t<\/div>\n\t\t\t\t<\/div>\n\t\t\t\t\t<\/div>\n\t\t<\/div>\n\t\t\t\t<div class=\"elementor-column elementor-col-33 elementor-inner-column elementor-element elementor-element-6baf2c2c elementor-hidden-desktop elementor-hidden-tablet\" data-id=\"6baf2c2c\" data-element_type=\"column\" data-e-type=\"column\">\n\t\t\t<div class=\"elementor-widget-wrap elementor-element-populated\">\n\t\t\t\t\t\t<div class=\"elementor-element elementor-element-4a72ec31 animated-slow elementor-invisible elementor-widget elementor-widget-heading\" data-id=\"4a72ec31\" data-element_type=\"widget\" data-e-type=\"widget\" data-settings=\"{&quot;_animation&quot;:&quot;bounceInRight&quot;,&quot;_animation_delay&quot;:800,&quot;_animation_mobile&quot;:&quot;bounceInRight&quot;}\" data-widget_type=\"heading.default\">\n\t\t\t\t<div class=\"elementor-widget-container\">\n\t\t\t\t\t<h2 class=\"elementor-heading-title elementor-size-default\">Elemente<\/h2>\t\t\t\t<\/div>\n\t\t\t\t<\/div>\n\t\t\t\t\t<\/div>\n\t\t<\/div>\n\t\t\t\t\t<\/div>\n\t\t<\/section>\n\t\t\t\t\t<\/div>\n\t\t<\/div>\n\t\t\t\t\t<\/div>\n\t\t<\/section>\n\t\t\t\t<section class=\"elementor-section elementor-top-section elementor-element elementor-element-0e25cf7 elementor-section-full_width elementor-section-content-top elementor-section-height-default elementor-section-height-default\" data-id=\"0e25cf7\" data-element_type=\"section\" data-e-type=\"section\">\n\t\t\t\t\t\t<div class=\"elementor-container elementor-column-gap-no\">\n\t\t\t\t\t<div class=\"elementor-column elementor-col-100 elementor-top-column elementor-element elementor-element-b2b906b\" data-id=\"b2b906b\" data-element_type=\"column\" data-e-type=\"column\">\n\t\t\t<div class=\"elementor-widget-wrap elementor-element-populated\">\n\t\t\t\t\t\t<div class=\"elementor-element elementor-element-fa7e188 animated-slow elementor-invisible elementor-widget elementor-widget-breadcrumbs\" data-id=\"fa7e188\" data-element_type=\"widget\" data-e-type=\"widget\" data-settings=\"{&quot;_animation&quot;:&quot;bounceInLeft&quot;,&quot;_animation_delay&quot;:800}\" data-widget_type=\"breadcrumbs.default\">\n\t\t\t\t<div class=\"elementor-widget-container\">\n\t\t\t\t\t<p id=\"breadcrumbs\"><span><span><a href=\"https:\/\/www.bauten.berlin\/de\/\">Leicht Bauten<\/a><\/span><\/span><\/p>\t\t\t\t<\/div>\n\t\t\t\t<\/div>\n\t\t\t\t\t<\/div>\n\t\t<\/div>\n\t\t\t\t\t<\/div>\n\t\t<\/section>\n\t\t\t\t<section class=\"elementor-section elementor-top-section elementor-element elementor-element-c113669 elementor-section-full_width elementor-section-content-top elementor-section-height-default elementor-section-height-default\" data-id=\"c113669\" data-element_type=\"section\" data-e-type=\"section\">\n\t\t\t\t\t\t<div class=\"elementor-container elementor-column-gap-no\">\n\t\t\t\t\t<div class=\"elementor-column elementor-col-50 elementor-top-column elementor-element elementor-element-3b5e5ee\" data-id=\"3b5e5ee\" data-element_type=\"column\" data-e-type=\"column\">\n\t\t\t<div class=\"elementor-widget-wrap elementor-element-populated\">\n\t\t\t\t\t<div class=\"elementor-background-overlay\"><\/div>\n\t\t\t\t\t\t<div class=\"elementor-element elementor-element-33f7af9 elementor-widget elementor-widget-text-editor\" data-id=\"33f7af9\" data-element_type=\"widget\" data-e-type=\"widget\" data-widget_type=\"text-editor.default\">\n\t\t\t\t<div class=\"elementor-widget-container\">\n\t\t\t\t\t\t\t\t\t<p>Unser SOLIDOS-Ballfangzaun ist modular aufgebaut. Jede Anlage<br \/>wird von uns individuell geplant und gefertigt und ist somit einzigartig.<\/p>\t\t\t\t\t\t\t\t<\/div>\n\t\t\t\t<\/div>\n\t\t\t\t\t<\/div>\n\t\t<\/div>\n\t\t\t\t<div class=\"elementor-column elementor-col-50 elementor-top-column elementor-element elementor-element-69064ec\" data-id=\"69064ec\" data-element_type=\"column\" data-e-type=\"column\">\n\t\t\t<div class=\"elementor-widget-wrap\">\n\t\t\t\t\t<div class=\"elementor-background-overlay\"><\/div>\n\t\t\t\t\t\t\t<\/div>\n\t\t<\/div>\n\t\t\t\t\t<\/div>\n\t\t<\/section>\n\t\t\t\t<section class=\"elementor-section elementor-top-section elementor-element elementor-element-7f2c79dd elementor-section-full_width elementor-section-content-top elementor-section-height-default elementor-section-height-default\" data-id=\"7f2c79dd\" data-element_type=\"section\" data-e-type=\"section\">\n\t\t\t\t\t\t<div class=\"elementor-container elementor-column-gap-no\">\n\t\t\t\t\t<div class=\"elementor-column elementor-col-100 elementor-top-column elementor-element elementor-element-54639c77\" data-id=\"54639c77\" data-element_type=\"column\" data-e-type=\"column\">\n\t\t\t<div class=\"elementor-widget-wrap elementor-element-populated\">\n\t\t\t\t\t<div class=\"elementor-background-overlay\"><\/div>\n\t\t\t\t\t\t<div class=\"elementor-element elementor-element-11bf68c3 elementor-widget elementor-widget-heading\" data-id=\"11bf68c3\" data-element_type=\"widget\" data-e-type=\"widget\" data-widget_type=\"heading.default\">\n\t\t\t\t<div class=\"elementor-widget-container\">\n\t\t\t\t\t<h2 class=\"elementor-heading-title elementor-size-default\">Rasterma\u00df = 2,50 m \/ H\u00f6he 2,00 \u2013 6,00 m<\/h2>\t\t\t\t<\/div>\n\t\t\t\t<\/div>\n\t\t\t\t<div class=\"elementor-element elementor-element-2dc9da70 elementor-widget elementor-widget-text-editor\" data-id=\"2dc9da70\" data-element_type=\"widget\" data-e-type=\"widget\" data-widget_type=\"text-editor.default\">\n\t\t\t\t<div class=\"elementor-widget-container\">\n\t\t\t\t\t\t\t\t\tTechnische \u00c4nderungen vorbehalten. Die im Bild gezeigte Fundamentierung ist bau-<br \/>\nseits zu erstellen. Abweichende Rasterma\u00dfe und H\u00f6hen sind auf Anfrage realisierbar.\t\t\t\t\t\t\t\t<\/div>\n\t\t\t\t<\/div>\n\t\t\t\t\t<\/div>\n\t\t<\/div>\n\t\t\t\t\t<\/div>\n\t\t<\/section>\n\t\t\t\t<section class=\"elementor-section elementor-top-section elementor-element elementor-element-8a556d4 elementor-section-full_width elementor-section-content-top elementor-section-height-default elementor-section-height-default\" data-id=\"8a556d4\" data-element_type=\"section\" data-e-type=\"section\">\n\t\t\t\t\t\t<div class=\"elementor-container elementor-column-gap-no\">\n\t\t\t\t\t<div class=\"elementor-column elementor-col-25 elementor-top-column elementor-element elementor-element-5d6503f\" data-id=\"5d6503f\" data-element_type=\"column\" data-e-type=\"column\">\n\t\t\t<div class=\"elementor-widget-wrap elementor-element-populated\">\n\t\t\t\t\t<div class=\"elementor-background-overlay\"><\/div>\n\t\t\t\t\t\t<div class=\"elementor-element elementor-element-7977d15 elementor-widget elementor-widget-heading\" data-id=\"7977d15\" data-element_type=\"widget\" data-e-type=\"widget\" data-widget_type=\"heading.default\">\n\t\t\t\t<div class=\"elementor-widget-container\">\n\t\t\t\t\t<h2 class=\"elementor-heading-title elementor-size-default\">SOLIDOS-Zaunelement<\/h2>\t\t\t\t<\/div>\n\t\t\t\t<\/div>\n\t\t\t\t<div class=\"elementor-element elementor-element-b8cce51 elementor-widget elementor-widget-text-editor\" data-id=\"b8cce51\" data-element_type=\"widget\" data-e-type=\"widget\" data-widget_type=\"text-editor.default\">\n\t\t\t\t<div class=\"elementor-widget-container\">\n\t\t\t\t\t\t\t\t\t<p>Lieferumfang: Drahtzaun, horizontale Anschlussprofile,<br \/>feuerverzinkt und farbbeschichtet, inkl. Befestigungs-<br \/>material, exkl. Pfosten<\/p>\t\t\t\t\t\t\t\t<\/div>\n\t\t\t\t<\/div>\n\t\t\t\t<div class=\"elementor-element elementor-element-b7cd80e elementor-widget elementor-widget-image\" data-id=\"b7cd80e\" data-element_type=\"widget\" data-e-type=\"widget\" data-widget_type=\"image.default\">\n\t\t\t\t<div class=\"elementor-widget-container\">\n\t\t\t\t\t\t\t\t\t\t\t\t\t\t\t<img fetchpriority=\"high\" decoding=\"async\" width=\"400\" height=\"690\" src=\"https:\/\/www.bauten.berlin\/de\/wp-content\/uploads\/2024\/06\/240609_solidos_zaunelement_hs.png\" class=\"attachment-full size-full wp-image-9777\" alt=\"Solidos-Zaunelement, farbig markiert: Drahtzaun, horizontale Anschlussprofile, Spanndraht\" srcset=\"https:\/\/www.bauten.berlin\/de\/wp-content\/uploads\/2024\/06\/240609_solidos_zaunelement_hs.png 400w, https:\/\/www.bauten.berlin\/de\/wp-content\/uploads\/2024\/06\/240609_solidos_zaunelement_hs-174x300.png 174w\" sizes=\"(max-width: 400px) 100vw, 400px\" \/>\t\t\t\t\t\t\t\t\t\t\t\t\t\t\t<\/div>\n\t\t\t\t<\/div>\n\t\t\t\t\t<\/div>\n\t\t<\/div>\n\t\t\t\t<div class=\"elementor-column elementor-col-25 elementor-top-column elementor-element elementor-element-2a55e36\" data-id=\"2a55e36\" data-element_type=\"column\" data-e-type=\"column\">\n\t\t\t<div class=\"elementor-widget-wrap elementor-element-populated\">\n\t\t\t\t\t\t<div class=\"elementor-element elementor-element-ebbdc85 elementor-widget elementor-widget-heading\" data-id=\"ebbdc85\" data-element_type=\"widget\" data-e-type=\"widget\" data-widget_type=\"heading.default\">\n\t\t\t\t<div class=\"elementor-widget-container\">\n\t\t\t\t\t<h2 class=\"elementor-heading-title elementor-size-default\">SOLIDOS-Feldpfosten<\/h2>\t\t\t\t<\/div>\n\t\t\t\t<\/div>\n\t\t\t\t<div class=\"elementor-element elementor-element-a083d4c elementor-widget elementor-widget-text-editor\" data-id=\"a083d4c\" data-element_type=\"widget\" data-e-type=\"widget\" data-widget_type=\"text-editor.default\">\n\t\t\t\t<div class=\"elementor-widget-container\">\n\t\t\t\t\t\t\t\t\tLieferumfang: mittelbreiter IPE-Tr\u00e4ger,<br \/>\nfeuerverzinkt und farbbeschichtet\n<br \/>&nbsp;<br \/>\n<br \/>\t\t\t\t\t\t\t\t<\/div>\n\t\t\t\t<\/div>\n\t\t\t\t<div class=\"elementor-element elementor-element-fa383f6 elementor-widget elementor-widget-image\" data-id=\"fa383f6\" data-element_type=\"widget\" data-e-type=\"widget\" data-widget_type=\"image.default\">\n\t\t\t\t<div class=\"elementor-widget-container\">\n\t\t\t\t\t\t\t\t\t\t\t\t\t\t\t<img decoding=\"async\" width=\"400\" height=\"690\" src=\"https:\/\/www.bauten.berlin\/de\/wp-content\/uploads\/2024\/06\/240609_solidos_feldpfosten_hs.png\" class=\"attachment-full size-full wp-image-9784\" alt=\"Solidos-Feldpfosten, farbig markiert: IPE-Tr\u00e4ger\" srcset=\"https:\/\/www.bauten.berlin\/de\/wp-content\/uploads\/2024\/06\/240609_solidos_feldpfosten_hs.png 400w, https:\/\/www.bauten.berlin\/de\/wp-content\/uploads\/2024\/06\/240609_solidos_feldpfosten_hs-174x300.png 174w\" sizes=\"(max-width: 400px) 100vw, 400px\" \/>\t\t\t\t\t\t\t\t\t\t\t\t\t\t\t<\/div>\n\t\t\t\t<\/div>\n\t\t\t\t\t<\/div>\n\t\t<\/div>\n\t\t\t\t<div class=\"elementor-column elementor-col-25 elementor-top-column elementor-element elementor-element-045a68b\" data-id=\"045a68b\" data-element_type=\"column\" data-e-type=\"column\">\n\t\t\t<div class=\"elementor-widget-wrap elementor-element-populated\">\n\t\t\t\t\t\t<div class=\"elementor-element elementor-element-a53618e elementor-widget elementor-widget-heading\" data-id=\"a53618e\" data-element_type=\"widget\" data-e-type=\"widget\" data-widget_type=\"heading.default\">\n\t\t\t\t<div class=\"elementor-widget-container\">\n\t\t\t\t\t<h2 class=\"elementor-heading-title elementor-size-default\">SOLIDOS-Endpfosten<\/h2>\t\t\t\t<\/div>\n\t\t\t\t<\/div>\n\t\t\t\t<div class=\"elementor-element elementor-element-725dfd1 elementor-widget elementor-widget-text-editor\" data-id=\"725dfd1\" data-element_type=\"widget\" data-e-type=\"widget\" data-widget_type=\"text-editor.default\">\n\t\t\t\t<div class=\"elementor-widget-container\">\n\t\t\t\t\t\t\t\t\tLieferumfang: mittelbreiter IPE-Tr\u00e4ger,<br \/>\nfeuerverzinkt und farbbeschichtet,<br \/>\nvertikale Anschlussprofile, Holzprofil<br \/>\nals Anprallschutz, inkl. Befestigungsmaterial\t\t\t\t\t\t\t\t<\/div>\n\t\t\t\t<\/div>\n\t\t\t\t<div class=\"elementor-element elementor-element-ea24e07 elementor-widget elementor-widget-image\" data-id=\"ea24e07\" data-element_type=\"widget\" data-e-type=\"widget\" data-widget_type=\"image.default\">\n\t\t\t\t<div class=\"elementor-widget-container\">\n\t\t\t\t\t\t\t\t\t\t\t\t\t\t\t<img decoding=\"async\" width=\"400\" height=\"690\" src=\"https:\/\/www.bauten.berlin\/de\/wp-content\/uploads\/2024\/06\/240609_solidos_endpfosten_hs.png\" class=\"attachment-full size-full wp-image-9783\" alt=\"Solidos-Endpfosten, farbig markiert: IPE-Tr\u00e4ger, vertikale Anschlussprofile, Holzprofil\" srcset=\"https:\/\/www.bauten.berlin\/de\/wp-content\/uploads\/2024\/06\/240609_solidos_endpfosten_hs.png 400w, https:\/\/www.bauten.berlin\/de\/wp-content\/uploads\/2024\/06\/240609_solidos_endpfosten_hs-174x300.png 174w\" sizes=\"(max-width: 400px) 100vw, 400px\" \/>\t\t\t\t\t\t\t\t\t\t\t\t\t\t\t<\/div>\n\t\t\t\t<\/div>\n\t\t\t\t\t<\/div>\n\t\t<\/div>\n\t\t\t\t<div class=\"elementor-column elementor-col-25 elementor-top-column elementor-element elementor-element-4e40848\" data-id=\"4e40848\" data-element_type=\"column\" data-e-type=\"column\">\n\t\t\t<div class=\"elementor-widget-wrap elementor-element-populated\">\n\t\t\t\t\t\t<div class=\"elementor-element elementor-element-e4eaf63 elementor-widget elementor-widget-heading\" data-id=\"e4eaf63\" data-element_type=\"widget\" data-e-type=\"widget\" data-widget_type=\"heading.default\">\n\t\t\t\t<div class=\"elementor-widget-container\">\n\t\t\t\t\t<h2 class=\"elementor-heading-title elementor-size-default\">SOLIDOS-Eckpfosten<\/h2>\t\t\t\t<\/div>\n\t\t\t\t<\/div>\n\t\t\t\t<div class=\"elementor-element elementor-element-969ffae elementor-widget elementor-widget-text-editor\" data-id=\"969ffae\" data-element_type=\"widget\" data-e-type=\"widget\" data-widget_type=\"text-editor.default\">\n\t\t\t\t<div class=\"elementor-widget-container\">\n\t\t\t\t\t\t\t\t\tLieferumfang: mittelbreiter IPE-Tr\u00e4ger,<br \/>\nfeuerverzinkt und farbbeschichtet,<br \/>\nvertikale Anschlussprofile, Winkelprofil<br \/>\nals Verblendung, inkl. Befestigungsmaterial\t\t\t\t\t\t\t\t<\/div>\n\t\t\t\t<\/div>\n\t\t\t\t<div class=\"elementor-element elementor-element-9e5631d elementor-widget elementor-widget-image\" data-id=\"9e5631d\" data-element_type=\"widget\" data-e-type=\"widget\" data-widget_type=\"image.default\">\n\t\t\t\t<div class=\"elementor-widget-container\">\n\t\t\t\t\t\t\t\t\t\t\t\t\t\t\t<img loading=\"lazy\" decoding=\"async\" width=\"400\" height=\"690\" src=\"https:\/\/www.bauten.berlin\/de\/wp-content\/uploads\/2024\/06\/240609_solidos_eckpfosten_hs.png\" class=\"attachment-full size-full wp-image-9780\" alt=\"Solidos-Eckpfosten, farbig markiert: IPE-Tr\u00e4ger, vertikale Anschlussprofile, Verblendung\" srcset=\"https:\/\/www.bauten.berlin\/de\/wp-content\/uploads\/2024\/06\/240609_solidos_eckpfosten_hs.png 400w, https:\/\/www.bauten.berlin\/de\/wp-content\/uploads\/2024\/06\/240609_solidos_eckpfosten_hs-174x300.png 174w\" sizes=\"(max-width: 400px) 100vw, 400px\" \/>\t\t\t\t\t\t\t\t\t\t\t\t\t\t\t<\/div>\n\t\t\t\t<\/div>\n\t\t\t\t\t<\/div>\n\t\t<\/div>\n\t\t\t\t\t<\/div>\n\t\t<\/section>\n\t\t\t\t<section class=\"elementor-section elementor-top-section elementor-element elementor-element-be88359 elementor-section-full_width elementor-section-content-top elementor-section-height-default elementor-section-height-default\" data-id=\"be88359\" data-element_type=\"section\" data-e-type=\"section\">\n\t\t\t\t\t\t<div class=\"elementor-container elementor-column-gap-no\">\n\t\t\t\t\t<div class=\"elementor-column elementor-col-25 elementor-top-column elementor-element elementor-element-e00b8f9\" data-id=\"e00b8f9\" data-element_type=\"column\" data-e-type=\"column\">\n\t\t\t<div class=\"elementor-widget-wrap elementor-element-populated\">\n\t\t\t\t\t<div class=\"elementor-background-overlay\"><\/div>\n\t\t\t\t\t\t<div class=\"elementor-element elementor-element-3ec674c elementor-widget elementor-widget-heading\" data-id=\"3ec674c\" data-element_type=\"widget\" data-e-type=\"widget\" data-widget_type=\"heading.default\">\n\t\t\t\t<div class=\"elementor-widget-container\">\n\t\t\t\t\t<h2 class=\"elementor-heading-title elementor-size-default\">SOLIDOS-Torelement<\/h2>\t\t\t\t<\/div>\n\t\t\t\t<\/div>\n\t\t\t\t<div class=\"elementor-element elementor-element-f4ea963 elementor-widget elementor-widget-text-editor\" data-id=\"f4ea963\" data-element_type=\"widget\" data-e-type=\"widget\" data-widget_type=\"text-editor.default\">\n\t\t\t\t<div class=\"elementor-widget-container\">\n\t\t\t\t\t\t\t\t\tLieferumfang: Drahtzaun, horizontale Anschlussprofile,<br \/>\nfeuerverzinkt und farbbeschichtet, inkl. Befestigungs-<br \/>\nmaterial, exkl. Pfosten\n<br \/>&nbsp;<br \/>\t\t\t\t\t\t\t\t<\/div>\n\t\t\t\t<\/div>\n\t\t\t\t<div class=\"elementor-element elementor-element-c187791 elementor-widget elementor-widget-image\" data-id=\"c187791\" data-element_type=\"widget\" data-e-type=\"widget\" data-widget_type=\"image.default\">\n\t\t\t\t<div class=\"elementor-widget-container\">\n\t\t\t\t\t\t\t\t\t\t\t\t\t\t\t<img loading=\"lazy\" decoding=\"async\" width=\"400\" height=\"690\" src=\"https:\/\/www.bauten.berlin\/de\/wp-content\/uploads\/2024\/06\/240609_solidos_torelement_hs.png\" class=\"attachment-full size-full wp-image-9785\" alt=\"Solidos-Torelement, farbig markiert: Drahtzaun, horizontale Anschlussprofile, Spanndraht\" srcset=\"https:\/\/www.bauten.berlin\/de\/wp-content\/uploads\/2024\/06\/240609_solidos_torelement_hs.png 400w, https:\/\/www.bauten.berlin\/de\/wp-content\/uploads\/2024\/06\/240609_solidos_torelement_hs-174x300.png 174w\" sizes=\"(max-width: 400px) 100vw, 400px\" \/>\t\t\t\t\t\t\t\t\t\t\t\t\t\t\t<\/div>\n\t\t\t\t<\/div>\n\t\t\t\t\t<\/div>\n\t\t<\/div>\n\t\t\t\t<div class=\"elementor-column elementor-col-25 elementor-top-column elementor-element elementor-element-3530043\" data-id=\"3530043\" data-element_type=\"column\" data-e-type=\"column\">\n\t\t\t<div class=\"elementor-widget-wrap elementor-element-populated\">\n\t\t\t\t\t\t<div class=\"elementor-element elementor-element-08b9dfa elementor-widget elementor-widget-heading\" data-id=\"08b9dfa\" data-element_type=\"widget\" data-e-type=\"widget\" data-widget_type=\"heading.default\">\n\t\t\t\t<div class=\"elementor-widget-container\">\n\t\t\t\t\t<h2 class=\"elementor-heading-title elementor-size-default\">SOLIDOS-Torpfosten<\/h2>\t\t\t\t<\/div>\n\t\t\t\t<\/div>\n\t\t\t\t<div class=\"elementor-element elementor-element-d31140f elementor-widget elementor-widget-text-editor\" data-id=\"d31140f\" data-element_type=\"widget\" data-e-type=\"widget\" data-widget_type=\"text-editor.default\">\n\t\t\t\t<div class=\"elementor-widget-container\">\n\t\t\t\t\t\t\t\t\tLieferumfang: mittelbreiter IPE-Tr\u00e4ger,<br \/>\nfeuerverzinkt und farbbeschichtet,<br \/>\nvertikale Anschlussprofile, Holzprofil<br \/>\nals Anprallschutz, inkl. Befestigungsmaterial\t\t\t\t\t\t\t\t<\/div>\n\t\t\t\t<\/div>\n\t\t\t\t<div class=\"elementor-element elementor-element-11e75d9 elementor-widget elementor-widget-image\" data-id=\"11e75d9\" data-element_type=\"widget\" data-e-type=\"widget\" data-widget_type=\"image.default\">\n\t\t\t\t<div class=\"elementor-widget-container\">\n\t\t\t\t\t\t\t\t\t\t\t\t\t\t\t<img loading=\"lazy\" decoding=\"async\" width=\"400\" height=\"690\" src=\"https:\/\/www.bauten.berlin\/de\/wp-content\/uploads\/2024\/06\/240609_solidos_torpfosten_hs.png\" class=\"attachment-full size-full wp-image-9774\" alt=\"Solidos-Torpfosten, farbig markiert: IPE-Tr\u00e4ger, vertikale Anschlussprofile, Holzprofil\" srcset=\"https:\/\/www.bauten.berlin\/de\/wp-content\/uploads\/2024\/06\/240609_solidos_torpfosten_hs.png 400w, https:\/\/www.bauten.berlin\/de\/wp-content\/uploads\/2024\/06\/240609_solidos_torpfosten_hs-174x300.png 174w\" sizes=\"(max-width: 400px) 100vw, 400px\" \/>\t\t\t\t\t\t\t\t\t\t\t\t\t\t\t<\/div>\n\t\t\t\t<\/div>\n\t\t\t\t\t<\/div>\n\t\t<\/div>\n\t\t\t\t<div class=\"elementor-column elementor-col-25 elementor-top-column elementor-element elementor-element-3c944f4\" data-id=\"3c944f4\" data-element_type=\"column\" data-e-type=\"column\">\n\t\t\t<div class=\"elementor-widget-wrap elementor-element-populated\">\n\t\t\t\t\t\t<div class=\"elementor-element elementor-element-7308088 elementor-widget elementor-widget-heading\" data-id=\"7308088\" data-element_type=\"widget\" data-e-type=\"widget\" data-widget_type=\"heading.default\">\n\t\t\t\t<div class=\"elementor-widget-container\">\n\t\t\t\t\t<h2 class=\"elementor-heading-title elementor-size-default\">SOLIDOS-T\u00fcrelement<\/h2>\t\t\t\t<\/div>\n\t\t\t\t<\/div>\n\t\t\t\t<div class=\"elementor-element elementor-element-b00bded elementor-widget elementor-widget-text-editor\" data-id=\"b00bded\" data-element_type=\"widget\" data-e-type=\"widget\" data-widget_type=\"text-editor.default\">\n\t\t\t\t<div class=\"elementor-widget-container\">\n\t\t\t\t\t\t\t\t\tLieferumfang: Drahtzaun, horizontale Anschlussprofile,<br \/>\nfeuerverzinkt und farbbeschichtet, inkl. Befestigungs-<br \/>\nmaterial, exkl. Pfosten\n<br \/>&nbsp;<br \/>\t\t\t\t\t\t\t\t<\/div>\n\t\t\t\t<\/div>\n\t\t\t\t<div class=\"elementor-element elementor-element-9cc6282 elementor-widget elementor-widget-image\" data-id=\"9cc6282\" data-element_type=\"widget\" data-e-type=\"widget\" data-widget_type=\"image.default\">\n\t\t\t\t<div class=\"elementor-widget-container\">\n\t\t\t\t\t\t\t\t\t\t\t\t\t\t\t<img loading=\"lazy\" decoding=\"async\" width=\"400\" height=\"690\" src=\"https:\/\/www.bauten.berlin\/de\/wp-content\/uploads\/2024\/06\/240609_solidos_tuerelement_hs.png\" class=\"attachment-full size-full wp-image-9775\" alt=\"Solidos-T\u00fcrelement, farbig markiert: Drahtzaun, horizontale Anschlussprofile, Spanndraht\" srcset=\"https:\/\/www.bauten.berlin\/de\/wp-content\/uploads\/2024\/06\/240609_solidos_tuerelement_hs.png 400w, https:\/\/www.bauten.berlin\/de\/wp-content\/uploads\/2024\/06\/240609_solidos_tuerelement_hs-174x300.png 174w\" sizes=\"(max-width: 400px) 100vw, 400px\" \/>\t\t\t\t\t\t\t\t\t\t\t\t\t\t\t<\/div>\n\t\t\t\t<\/div>\n\t\t\t\t\t<\/div>\n\t\t<\/div>\n\t\t\t\t<div class=\"elementor-column elementor-col-25 elementor-top-column elementor-element elementor-element-6fad6c3\" data-id=\"6fad6c3\" data-element_type=\"column\" data-e-type=\"column\">\n\t\t\t<div class=\"elementor-widget-wrap elementor-element-populated\">\n\t\t\t\t\t\t<div class=\"elementor-element elementor-element-55a361f elementor-widget elementor-widget-heading\" data-id=\"55a361f\" data-element_type=\"widget\" data-e-type=\"widget\" data-widget_type=\"heading.default\">\n\t\t\t\t<div class=\"elementor-widget-container\">\n\t\t\t\t\t<h2 class=\"elementor-heading-title elementor-size-default\">SOLIDOS-T\u00fcrpfosten<\/h2>\t\t\t\t<\/div>\n\t\t\t\t<\/div>\n\t\t\t\t<div class=\"elementor-element elementor-element-25b4cb9 elementor-widget elementor-widget-text-editor\" data-id=\"25b4cb9\" data-element_type=\"widget\" data-e-type=\"widget\" data-widget_type=\"text-editor.default\">\n\t\t\t\t<div class=\"elementor-widget-container\">\n\t\t\t\t\t\t\t\t\tH\u00f6he = 2,05 m<br \/>\nLieferumfang: mittelbreiter IPE-Tr\u00e4ger, feuerverzinkt<br \/>\nund farbbeschichtet, vertikale Anschlussprofile,<br \/>\nHolzprofil als Anprallschutz, inkl. Befestigungsmaterial\t\t\t\t\t\t\t\t<\/div>\n\t\t\t\t<\/div>\n\t\t\t\t<div class=\"elementor-element elementor-element-eba7cdc elementor-widget elementor-widget-image\" data-id=\"eba7cdc\" data-element_type=\"widget\" data-e-type=\"widget\" data-widget_type=\"image.default\">\n\t\t\t\t<div class=\"elementor-widget-container\">\n\t\t\t\t\t\t\t\t\t\t\t\t\t\t\t<img loading=\"lazy\" decoding=\"async\" width=\"400\" height=\"690\" src=\"https:\/\/www.bauten.berlin\/de\/wp-content\/uploads\/2024\/06\/240609_solidos_tuerpfosten_hs.png\" class=\"attachment-full size-full wp-image-9776\" alt=\"Solidos-T\u00fcrpfosten, farbig markiert: IPE-Tr\u00e4ger, vertikale Anschlussprofile, Holzprofil\" srcset=\"https:\/\/www.bauten.berlin\/de\/wp-content\/uploads\/2024\/06\/240609_solidos_tuerpfosten_hs.png 400w, https:\/\/www.bauten.berlin\/de\/wp-content\/uploads\/2024\/06\/240609_solidos_tuerpfosten_hs-174x300.png 174w\" sizes=\"(max-width: 400px) 100vw, 400px\" \/>\t\t\t\t\t\t\t\t\t\t\t\t\t\t\t<\/div>\n\t\t\t\t<\/div>\n\t\t\t\t\t<\/div>\n\t\t<\/div>\n\t\t\t\t\t<\/div>\n\t\t<\/section>\n\t\t\t\t<section class=\"elementor-section elementor-top-section elementor-element elementor-element-77879ad elementor-section-full_width elementor-section-content-top elementor-section-height-default elementor-section-height-default\" data-id=\"77879ad\" data-element_type=\"section\" data-e-type=\"section\">\n\t\t\t\t\t\t<div class=\"elementor-container elementor-column-gap-no\">\n\t\t\t\t\t<div class=\"elementor-column elementor-col-50 elementor-top-column elementor-element elementor-element-382fdb9\" data-id=\"382fdb9\" data-element_type=\"column\" data-e-type=\"column\">\n\t\t\t<div class=\"elementor-widget-wrap elementor-element-populated\">\n\t\t\t\t\t\t<div class=\"elementor-element elementor-element-ab5defd elementor-widget elementor-widget-heading\" data-id=\"ab5defd\" data-element_type=\"widget\" data-e-type=\"widget\" data-widget_type=\"heading.default\">\n\t\t\t\t<div class=\"elementor-widget-container\">\n\t\t\t\t\t<h2 class=\"elementor-heading-title elementor-size-default\">SOLIDOS-Eingangsschleuse<\/h2>\t\t\t\t<\/div>\n\t\t\t\t<\/div>\n\t\t\t\t<div class=\"elementor-element elementor-element-040d46b elementor-widget elementor-widget-text-editor\" data-id=\"040d46b\" data-element_type=\"widget\" data-e-type=\"widget\" data-widget_type=\"text-editor.default\">\n\t\t\t\t<div class=\"elementor-widget-container\">\n\t\t\t\t\t\t\t\t\tH\u00f6he = 2,05 m \/ Breite x Tiefe = 1,25 m<br \/>\nLieferumfang: Drahtzaun, vertikale und horizontale Anschlussprofile,<br \/>\nfeuerverzinkt und farbbeschichtet, mittelbreite IPE-Tr\u00e4ger, feuerverzinkt<br \/>\nund farbbeschichtet, Winkelprofil als Verblendung, Holzprofil als Anprallschutz,<br \/>\ninkl. Befestigungsmaterial\t\t\t\t\t\t\t\t<\/div>\n\t\t\t\t<\/div>\n\t\t\t\t<div class=\"elementor-element elementor-element-c36650e elementor-hidden-mobile elementor-widget elementor-widget-image\" data-id=\"c36650e\" data-element_type=\"widget\" data-e-type=\"widget\" data-widget_type=\"image.default\">\n\t\t\t\t<div class=\"elementor-widget-container\">\n\t\t\t\t\t\t\t\t\t\t\t\t\t\t\t<img loading=\"lazy\" decoding=\"async\" width=\"585\" height=\"690\" src=\"https:\/\/www.bauten.berlin\/de\/wp-content\/uploads\/2024\/06\/240609_solidos_eingangsschleuse_hs.png\" class=\"attachment-full size-full wp-image-9781\" alt=\"Solidos-Eingangsschleuse, farbig markiert: IPE-Tr\u00e4ger, Drahtzaun, horizontale und vertikale Anschlussprofile, Verblendung, Spanndraht, Holzprofil\" srcset=\"https:\/\/www.bauten.berlin\/de\/wp-content\/uploads\/2024\/06\/240609_solidos_eingangsschleuse_hs.png 585w, https:\/\/www.bauten.berlin\/de\/wp-content\/uploads\/2024\/06\/240609_solidos_eingangsschleuse_hs-254x300.png 254w\" sizes=\"(max-width: 585px) 100vw, 585px\" \/>\t\t\t\t\t\t\t\t\t\t\t\t\t\t\t<\/div>\n\t\t\t\t<\/div>\n\t\t\t\t<div class=\"elementor-element elementor-element-7fafe1d elementor-hidden-desktop elementor-hidden-tablet elementor-widget elementor-widget-image\" data-id=\"7fafe1d\" data-element_type=\"widget\" data-e-type=\"widget\" data-widget_type=\"image.default\">\n\t\t\t\t<div class=\"elementor-widget-container\">\n\t\t\t\t\t\t\t\t\t\t\t\t\t\t\t<img loading=\"lazy\" decoding=\"async\" width=\"400\" height=\"690\" src=\"https:\/\/www.bauten.berlin\/de\/wp-content\/uploads\/2024\/06\/240609_solidos_eingangsschleuse_MOBILE_hs.png\" class=\"attachment-full size-full wp-image-9782\" alt=\"Solidos-Eingangsschleuse, farbig markiert: IPE-Tr\u00e4ger, Drahtzaun, horizontale und vertikale Anschlussprofile, Verblendung, Spanndraht, Holzprofil\" srcset=\"https:\/\/www.bauten.berlin\/de\/wp-content\/uploads\/2024\/06\/240609_solidos_eingangsschleuse_MOBILE_hs.png 400w, https:\/\/www.bauten.berlin\/de\/wp-content\/uploads\/2024\/06\/240609_solidos_eingangsschleuse_MOBILE_hs-174x300.png 174w\" sizes=\"(max-width: 400px) 100vw, 400px\" \/>\t\t\t\t\t\t\t\t\t\t\t\t\t\t\t<\/div>\n\t\t\t\t<\/div>\n\t\t\t\t\t<\/div>\n\t\t<\/div>\n\t\t\t\t<div class=\"elementor-column elementor-col-25 elementor-top-column elementor-element elementor-element-d67c17f\" data-id=\"d67c17f\" data-element_type=\"column\" data-e-type=\"column\">\n\t\t\t<div class=\"elementor-widget-wrap elementor-element-populated\">\n\t\t\t\t\t\t<div class=\"elementor-element elementor-element-05687e9 elementor-widget elementor-widget-heading\" data-id=\"05687e9\" data-element_type=\"widget\" data-e-type=\"widget\" data-widget_type=\"heading.default\">\n\t\t\t\t<div class=\"elementor-widget-container\">\n\t\t\t\t\t<h2 class=\"elementor-heading-title elementor-size-default\">Einfl\u00fcgelige T\u00fcr<\/h2>\t\t\t\t<\/div>\n\t\t\t\t<\/div>\n\t\t\t\t<div class=\"elementor-element elementor-element-ca845eb elementor-widget elementor-widget-text-editor\" data-id=\"ca845eb\" data-element_type=\"widget\" data-e-type=\"widget\" data-widget_type=\"text-editor.default\">\n\t\t\t\t<div class=\"elementor-widget-container\">\n\t\t\t\t\t\t\t\t\tH\u00f6he = 2,05 m \/ lichte Breite = 1,25 m<br \/>\nLieferumfang: Rahmen aus Stahlprofilen, feuerverzinkt\n<br \/>\nund farbbeschichtet, Anschlussprofile, horizontales\n<br \/>\nHolzprofil als Anprallschutz, inkl. Befestigungsmaterial<br \/>\nund Drahtzaun, exkl. Pfosten\t\t\t\t\t\t\t\t<\/div>\n\t\t\t\t<\/div>\n\t\t\t\t<div class=\"elementor-element elementor-element-991e79f elementor-widget elementor-widget-image\" data-id=\"991e79f\" data-element_type=\"widget\" data-e-type=\"widget\" data-widget_type=\"image.default\">\n\t\t\t\t<div class=\"elementor-widget-container\">\n\t\t\t\t\t\t\t\t\t\t\t\t\t\t\t<img loading=\"lazy\" decoding=\"async\" width=\"400\" height=\"690\" src=\"https:\/\/www.bauten.berlin\/de\/wp-content\/uploads\/2024\/06\/240609_1-fluegelige_tuer_hs.png\" class=\"attachment-full size-full wp-image-9778\" alt=\"Einfl\u00fcgelige T\u00fcr, farbig markiert: Rahmen aus Stahlprofilen, Drahtzaun, Anschlussprofile, Holzprofile\" srcset=\"https:\/\/www.bauten.berlin\/de\/wp-content\/uploads\/2024\/06\/240609_1-fluegelige_tuer_hs.png 400w, https:\/\/www.bauten.berlin\/de\/wp-content\/uploads\/2024\/06\/240609_1-fluegelige_tuer_hs-174x300.png 174w\" sizes=\"(max-width: 400px) 100vw, 400px\" \/>\t\t\t\t\t\t\t\t\t\t\t\t\t\t\t<\/div>\n\t\t\t\t<\/div>\n\t\t\t\t\t<\/div>\n\t\t<\/div>\n\t\t\t\t<div class=\"elementor-column elementor-col-25 elementor-top-column elementor-element elementor-element-56363bb\" data-id=\"56363bb\" data-element_type=\"column\" data-e-type=\"column\">\n\t\t\t<div class=\"elementor-widget-wrap elementor-element-populated\">\n\t\t\t\t\t\t<div class=\"elementor-element elementor-element-993fda5 elementor-widget elementor-widget-heading\" data-id=\"993fda5\" data-element_type=\"widget\" data-e-type=\"widget\" data-widget_type=\"heading.default\">\n\t\t\t\t<div class=\"elementor-widget-container\">\n\t\t\t\t\t<h2 class=\"elementor-heading-title elementor-size-default\">Zweifl\u00fcgeliges Tor<\/h2>\t\t\t\t<\/div>\n\t\t\t\t<\/div>\n\t\t\t\t<div class=\"elementor-element elementor-element-7e9898f elementor-widget elementor-widget-text-editor\" data-id=\"7e9898f\" data-element_type=\"widget\" data-e-type=\"widget\" data-widget_type=\"text-editor.default\">\n\t\t\t\t<div class=\"elementor-widget-container\">\n\t\t\t\t\t\t\t\t\tH\u00f6he = 2,05 m \/ lichte Breite = 2,50 m<br \/>\nLieferumfang: Rahmen aus Stahlprofilen, feuerverzinkt\n<br \/>\nund farbbeschichtet, Anschlussprofile, horizontales\n<br \/>\nHolzprofil als Anprallschutz, inkl. Befestigungsmaterial<br \/>\nund Drahtzaun, exkl. Pfosten\t\t\t\t\t\t\t\t<\/div>\n\t\t\t\t<\/div>\n\t\t\t\t<div class=\"elementor-element elementor-element-2067462 elementor-widget elementor-widget-image\" data-id=\"2067462\" data-element_type=\"widget\" data-e-type=\"widget\" data-widget_type=\"image.default\">\n\t\t\t\t<div class=\"elementor-widget-container\">\n\t\t\t\t\t\t\t\t\t\t\t\t\t\t\t<img loading=\"lazy\" decoding=\"async\" width=\"400\" height=\"690\" src=\"https:\/\/www.bauten.berlin\/de\/wp-content\/uploads\/2024\/06\/240609_2-fluegeliges_tor_hs.png\" class=\"attachment-full size-full wp-image-9779\" alt=\"Zweifl\u00fcgeliges Tor, farbig markiert: Rahmen aus Stahlprofilen, Drahtzaun, Anschlussprofile, Holzprofile\" srcset=\"https:\/\/www.bauten.berlin\/de\/wp-content\/uploads\/2024\/06\/240609_2-fluegeliges_tor_hs.png 400w, https:\/\/www.bauten.berlin\/de\/wp-content\/uploads\/2024\/06\/240609_2-fluegeliges_tor_hs-174x300.png 174w\" sizes=\"(max-width: 400px) 100vw, 400px\" \/>\t\t\t\t\t\t\t\t\t\t\t\t\t\t\t<\/div>\n\t\t\t\t<\/div>\n\t\t\t\t\t<\/div>\n\t\t<\/div>\n\t\t\t\t\t<\/div>\n\t\t<\/section>\n\t\t\t\t<\/div>\n\t\t","protected":false},"excerpt":{"rendered":"<p>SOLIDOS Elemente Elemente Unser SOLIDOS-Ballfangzaun ist modular aufgebaut. Jede Anlagewird von uns individuell geplant und gefertigt und ist somit einzigartig. Rasterma\u00df = 2,50 m \/ H\u00f6he 2,00 \u2013 6,00 m Technische \u00c4nderungen vorbehalten. Die im Bild gezeigte Fundamentierung ist bau- seits zu erstellen. Abweichende Rasterma\u00dfe und H\u00f6hen sind auf Anfrage realisierbar. SOLIDOS-Zaunelement Lieferumfang: Drahtzaun, horizontale [&hellip;]<\/p>\n","protected":false},"author":1,"featured_media":0,"parent":20,"menu_order":0,"comment_status":"closed","ping_status":"closed","template":"elementor_header_footer","meta":{"footnotes":""},"class_list":["post-1097","page","type-page","status-publish","hentry"],"yoast_head":"<!-- This site is optimized with the Yoast SEO plugin v27.5 - https:\/\/yoast.com\/product\/yoast-seo-wordpress\/ -->\n<title>SOLIDOS-Ballfangzaun: SOLIDOS-Elemente<\/title>\n<meta name=\"description\" content=\"Unser SOLIDOS-Ballfangzaun ist modular aufgebaut. Die hier gezeigten Elemente lassen so bei jedem Projekt eine individuelle Anlage entstehen.\" \/>\n<meta name=\"robots\" content=\"index, follow, max-snippet:-1, max-image-preview:large, max-video-preview:-1\" \/>\n<link rel=\"canonical\" href=\"https:\/\/www.bauten.berlin\/de\/solidos\/solidos-elemente\/\" \/>\n<meta property=\"og:locale\" content=\"de_DE\" \/>\n<meta property=\"og:type\" content=\"article\" \/>\n<meta property=\"og:title\" content=\"SOLIDOS-Ballfangzaun: SOLIDOS-Elemente\" \/>\n<meta property=\"og:description\" content=\"Unser SOLIDOS-Ballfangzaun ist modular aufgebaut. Die hier gezeigten Elemente lassen so bei jedem Projekt eine individuelle Anlage entstehen.\" \/>\n<meta property=\"og:url\" content=\"https:\/\/www.bauten.berlin\/de\/solidos\/solidos-elemente\/\" \/>\n<meta property=\"og:site_name\" content=\"Leicht Bauten Berlin GmbH\" \/>\n<meta property=\"article:modified_time\" content=\"2024-06-09T16:12:57+00:00\" \/>\n<meta property=\"og:image\" content=\"https:\/\/www.bauten.berlin\/de\/wp-content\/uploads\/2024\/06\/240609_solidos_zaunelement_hs.png\" \/>\n<meta name=\"twitter:card\" content=\"summary_large_image\" \/>\n<meta name=\"twitter:label1\" content=\"Gesch\u00e4tzte Lesezeit\" \/>\n\t<meta name=\"twitter:data1\" content=\"4\u00a0Minuten\" \/>\n<script type=\"application\/ld+json\" class=\"yoast-schema-graph\">{\"@context\":\"https:\\\/\\\/schema.org\",\"@graph\":[{\"@type\":\"WebPage\",\"@id\":\"https:\\\/\\\/www.bauten.berlin\\\/de\\\/solidos\\\/solidos-elemente\\\/\",\"url\":\"https:\\\/\\\/www.bauten.berlin\\\/de\\\/solidos\\\/solidos-elemente\\\/\",\"name\":\"SOLIDOS-Ballfangzaun: SOLIDOS-Elemente\",\"isPartOf\":{\"@id\":\"https:\\\/\\\/www.bauten.berlin\\\/de\\\/#website\"},\"primaryImageOfPage\":{\"@id\":\"https:\\\/\\\/www.bauten.berlin\\\/de\\\/solidos\\\/solidos-elemente\\\/#primaryimage\"},\"image\":{\"@id\":\"https:\\\/\\\/www.bauten.berlin\\\/de\\\/solidos\\\/solidos-elemente\\\/#primaryimage\"},\"thumbnailUrl\":\"https:\\\/\\\/www.bauten.berlin\\\/de\\\/wp-content\\\/uploads\\\/2024\\\/06\\\/240609_solidos_zaunelement_hs.png\",\"datePublished\":\"2023-03-21T13:52:35+00:00\",\"dateModified\":\"2024-06-09T16:12:57+00:00\",\"description\":\"Unser SOLIDOS-Ballfangzaun ist modular aufgebaut. Die hier gezeigten Elemente lassen so bei jedem Projekt eine individuelle Anlage entstehen.\",\"breadcrumb\":{\"@id\":\"https:\\\/\\\/www.bauten.berlin\\\/de\\\/solidos\\\/solidos-elemente\\\/#breadcrumb\"},\"inLanguage\":\"de\",\"potentialAction\":[{\"@type\":\"ReadAction\",\"target\":[\"https:\\\/\\\/www.bauten.berlin\\\/de\\\/solidos\\\/solidos-elemente\\\/\"]}]},{\"@type\":\"ImageObject\",\"inLanguage\":\"de\",\"@id\":\"https:\\\/\\\/www.bauten.berlin\\\/de\\\/solidos\\\/solidos-elemente\\\/#primaryimage\",\"url\":\"https:\\\/\\\/www.bauten.berlin\\\/de\\\/wp-content\\\/uploads\\\/2024\\\/06\\\/240609_solidos_zaunelement_hs.png\",\"contentUrl\":\"https:\\\/\\\/www.bauten.berlin\\\/de\\\/wp-content\\\/uploads\\\/2024\\\/06\\\/240609_solidos_zaunelement_hs.png\",\"width\":400,\"height\":690,\"caption\":\"Solidos-Zaunelement, farbig markiert: Drahtzaun, horizontale Anschlussprofile, Spanndraht\"},{\"@type\":\"BreadcrumbList\",\"@id\":\"https:\\\/\\\/www.bauten.berlin\\\/de\\\/solidos\\\/solidos-elemente\\\/#breadcrumb\",\"itemListElement\":[{\"@type\":\"ListItem\",\"position\":1,\"name\":\"Leicht Bauten\",\"item\":\"https:\\\/\\\/www.bauten.berlin\\\/de\\\/\"},{\"@type\":\"ListItem\",\"position\":2,\"name\":\"Solidos\",\"item\":\"https:\\\/\\\/www.bauten.berlin\\\/de\\\/solidos\\\/\"},{\"@type\":\"ListItem\",\"position\":3,\"name\":\"SOLIDOS-Elemente\"}]},{\"@type\":\"WebSite\",\"@id\":\"https:\\\/\\\/www.bauten.berlin\\\/de\\\/#website\",\"url\":\"https:\\\/\\\/www.bauten.berlin\\\/de\\\/\",\"name\":\"Leicht Bauten Berlin GmbH\",\"description\":\"Filigrane Konstruktionen im \u00f6ffentlichen Raum\",\"publisher\":{\"@id\":\"https:\\\/\\\/www.bauten.berlin\\\/de\\\/#organization\"},\"potentialAction\":[{\"@type\":\"SearchAction\",\"target\":{\"@type\":\"EntryPoint\",\"urlTemplate\":\"https:\\\/\\\/www.bauten.berlin\\\/de\\\/?s={search_term_string}\"},\"query-input\":{\"@type\":\"PropertyValueSpecification\",\"valueRequired\":true,\"valueName\":\"search_term_string\"}}],\"inLanguage\":\"de\"},{\"@type\":\"Organization\",\"@id\":\"https:\\\/\\\/www.bauten.berlin\\\/de\\\/#organization\",\"name\":\"Leicht Bauten Berlin GmbH\",\"url\":\"https:\\\/\\\/www.bauten.berlin\\\/de\\\/\",\"logo\":{\"@type\":\"ImageObject\",\"inLanguage\":\"de\",\"@id\":\"https:\\\/\\\/www.bauten.berlin\\\/de\\\/#\\\/schema\\\/logo\\\/image\\\/\",\"url\":\"https:\\\/\\\/www.bauten.berlin\\\/de\\\/wp-content\\\/uploads\\\/2023\\\/05\\\/cropped-favicon.png\",\"contentUrl\":\"https:\\\/\\\/www.bauten.berlin\\\/de\\\/wp-content\\\/uploads\\\/2023\\\/05\\\/cropped-favicon.png\",\"width\":512,\"height\":512,\"caption\":\"Leicht Bauten Berlin GmbH\"},\"image\":{\"@id\":\"https:\\\/\\\/www.bauten.berlin\\\/de\\\/#\\\/schema\\\/logo\\\/image\\\/\"}}]}<\/script>\n<!-- \/ Yoast SEO plugin. -->","yoast_head_json":{"title":"SOLIDOS-Ballfangzaun: SOLIDOS-Elemente","description":"Unser SOLIDOS-Ballfangzaun ist modular aufgebaut. Die hier gezeigten Elemente lassen so bei jedem Projekt eine individuelle Anlage entstehen.","robots":{"index":"index","follow":"follow","max-snippet":"max-snippet:-1","max-image-preview":"max-image-preview:large","max-video-preview":"max-video-preview:-1"},"canonical":"https:\/\/www.bauten.berlin\/de\/solidos\/solidos-elemente\/","og_locale":"de_DE","og_type":"article","og_title":"SOLIDOS-Ballfangzaun: SOLIDOS-Elemente","og_description":"Unser SOLIDOS-Ballfangzaun ist modular aufgebaut. Die hier gezeigten Elemente lassen so bei jedem Projekt eine individuelle Anlage entstehen.","og_url":"https:\/\/www.bauten.berlin\/de\/solidos\/solidos-elemente\/","og_site_name":"Leicht Bauten Berlin GmbH","article_modified_time":"2024-06-09T16:12:57+00:00","og_image":[{"url":"https:\/\/www.bauten.berlin\/de\/wp-content\/uploads\/2024\/06\/240609_solidos_zaunelement_hs.png","type":"","width":"","height":""}],"twitter_card":"summary_large_image","twitter_misc":{"Gesch\u00e4tzte Lesezeit":"4\u00a0Minuten"},"schema":{"@context":"https:\/\/schema.org","@graph":[{"@type":"WebPage","@id":"https:\/\/www.bauten.berlin\/de\/solidos\/solidos-elemente\/","url":"https:\/\/www.bauten.berlin\/de\/solidos\/solidos-elemente\/","name":"SOLIDOS-Ballfangzaun: SOLIDOS-Elemente","isPartOf":{"@id":"https:\/\/www.bauten.berlin\/de\/#website"},"primaryImageOfPage":{"@id":"https:\/\/www.bauten.berlin\/de\/solidos\/solidos-elemente\/#primaryimage"},"image":{"@id":"https:\/\/www.bauten.berlin\/de\/solidos\/solidos-elemente\/#primaryimage"},"thumbnailUrl":"https:\/\/www.bauten.berlin\/de\/wp-content\/uploads\/2024\/06\/240609_solidos_zaunelement_hs.png","datePublished":"2023-03-21T13:52:35+00:00","dateModified":"2024-06-09T16:12:57+00:00","description":"Unser SOLIDOS-Ballfangzaun ist modular aufgebaut. Die hier gezeigten Elemente lassen so bei jedem Projekt eine individuelle Anlage entstehen.","breadcrumb":{"@id":"https:\/\/www.bauten.berlin\/de\/solidos\/solidos-elemente\/#breadcrumb"},"inLanguage":"de","potentialAction":[{"@type":"ReadAction","target":["https:\/\/www.bauten.berlin\/de\/solidos\/solidos-elemente\/"]}]},{"@type":"ImageObject","inLanguage":"de","@id":"https:\/\/www.bauten.berlin\/de\/solidos\/solidos-elemente\/#primaryimage","url":"https:\/\/www.bauten.berlin\/de\/wp-content\/uploads\/2024\/06\/240609_solidos_zaunelement_hs.png","contentUrl":"https:\/\/www.bauten.berlin\/de\/wp-content\/uploads\/2024\/06\/240609_solidos_zaunelement_hs.png","width":400,"height":690,"caption":"Solidos-Zaunelement, farbig markiert: Drahtzaun, horizontale Anschlussprofile, Spanndraht"},{"@type":"BreadcrumbList","@id":"https:\/\/www.bauten.berlin\/de\/solidos\/solidos-elemente\/#breadcrumb","itemListElement":[{"@type":"ListItem","position":1,"name":"Leicht Bauten","item":"https:\/\/www.bauten.berlin\/de\/"},{"@type":"ListItem","position":2,"name":"Solidos","item":"https:\/\/www.bauten.berlin\/de\/solidos\/"},{"@type":"ListItem","position":3,"name":"SOLIDOS-Elemente"}]},{"@type":"WebSite","@id":"https:\/\/www.bauten.berlin\/de\/#website","url":"https:\/\/www.bauten.berlin\/de\/","name":"Leicht Bauten Berlin GmbH","description":"Filigrane Konstruktionen im \u00f6ffentlichen Raum","publisher":{"@id":"https:\/\/www.bauten.berlin\/de\/#organization"},"potentialAction":[{"@type":"SearchAction","target":{"@type":"EntryPoint","urlTemplate":"https:\/\/www.bauten.berlin\/de\/?s={search_term_string}"},"query-input":{"@type":"PropertyValueSpecification","valueRequired":true,"valueName":"search_term_string"}}],"inLanguage":"de"},{"@type":"Organization","@id":"https:\/\/www.bauten.berlin\/de\/#organization","name":"Leicht Bauten Berlin GmbH","url":"https:\/\/www.bauten.berlin\/de\/","logo":{"@type":"ImageObject","inLanguage":"de","@id":"https:\/\/www.bauten.berlin\/de\/#\/schema\/logo\/image\/","url":"https:\/\/www.bauten.berlin\/de\/wp-content\/uploads\/2023\/05\/cropped-favicon.png","contentUrl":"https:\/\/www.bauten.berlin\/de\/wp-content\/uploads\/2023\/05\/cropped-favicon.png","width":512,"height":512,"caption":"Leicht Bauten Berlin GmbH"},"image":{"@id":"https:\/\/www.bauten.berlin\/de\/#\/schema\/logo\/image\/"}}]}},"_links":{"self":[{"href":"https:\/\/www.bauten.berlin\/de\/wp-json\/wp\/v2\/pages\/1097","targetHints":{"allow":["GET"]}}],"collection":[{"href":"https:\/\/www.bauten.berlin\/de\/wp-json\/wp\/v2\/pages"}],"about":[{"href":"https:\/\/www.bauten.berlin\/de\/wp-json\/wp\/v2\/types\/page"}],"author":[{"embeddable":true,"href":"https:\/\/www.bauten.berlin\/de\/wp-json\/wp\/v2\/users\/1"}],"replies":[{"embeddable":true,"href":"https:\/\/www.bauten.berlin\/de\/wp-json\/wp\/v2\/comments?post=1097"}],"version-history":[{"count":0,"href":"https:\/\/www.bauten.berlin\/de\/wp-json\/wp\/v2\/pages\/1097\/revisions"}],"up":[{"embeddable":true,"href":"https:\/\/www.bauten.berlin\/de\/wp-json\/wp\/v2\/pages\/20"}],"wp:attachment":[{"href":"https:\/\/www.bauten.berlin\/de\/wp-json\/wp\/v2\/media?parent=1097"}],"curies":[{"name":"wp","href":"https:\/\/api.w.org\/{rel}","templated":true}]}}